{"id":203483,"date":"2021-03-13T18:30:38","date_gmt":"2021-03-13T17:30:38","guid":{"rendered":"https:\/\/www.meetingrimini.org\/the-meeting-is\/fondazione\/cariche-sociali\/emmanuele-forlani-inglese\/"},"modified":"2026-07-14T18:30:06","modified_gmt":"2026-07-14T16:30:06","slug":"emmanuele-forlani-inglese","status":"publish","type":"page","link":"https:\/\/www.meetingrimini.org\/es\/el-meeting-es\/fundacion\/cargos\/emmanuele-forlani\/","title":{"rendered":"Emmanuele Forlani"},"content":{"rendered":"<div id=\"cs-content\" class=\"cs-content\"><div class=\"x-section e203483-e1 m4d0b-0 m4d0b-1\"><div class=\"x-row x-container max width e203483-e2 m4d0b-4 m4d0b-5 m4d0b-7\"><div class=\"x-row-inner\"><div class=\"x-col e203483-e3 m4d0b-d m4d0b-e m4d0b-f\"><div class=\"x-text x-text-headline e203483-e4 m4d0b-h m4d0b-i\"><div class=\"x-text-content\"><div class=\"x-text-content-text\"><h1 class=\"x-text-content-text-primary\">Emmanuele Forlani<\/h1>\n<\/div><\/div><\/div><div class=\"x-text x-content e203483-e5 m4d0b-k m4d0b-l m4d0b-m\"><div class=\"mec-hourly-schedule-speaker-description\">\n<p>Emmanuele Forlani\u00a0es director general de la Compagnia delle Opere desde abril de 2026. Fue director de la Fundaci\u00f3n Meeting por la Amistad entre los Pueblos ETS desde enero de 2019 hasta marzo de 2026 y pas\u00f3 a ser su vicepresidente al finalizar su anterior mandato. Nacido en R\u00edmini, obtuvo en 1993 el t\u00edtulo de bachillerato cl\u00e1sico en el Liceo Cl\u00e1sico \u201cDante Alighieri\u201d de la ciudad. En 1999 se licenci\u00f3 en Econom\u00eda en la Universidad de Bolonia, donde durante todo el per\u00edodo de sus estudios desempe\u00f1\u00f3 el cargo de Presidente del Consejo de Estudiantes y de Consejero de Administraci\u00f3n de la Universidad...<\/p>\n\n<\/div><\/div><div class=\"x-anchor x-anchor-toggle e203483-e6 m4d0b-q\" tabindex=\"0\" role=\"button\" data-x-toggle=\"1\" data-x-toggleable=\"e203483-e6\" data-x-toggle-overlay=\"1\" aria-controls=\"e203483-e6-modal\" aria-expanded=\"false\" aria-haspopup=\"true\" aria-label=\"Toggle Modal Content\"><div class=\"x-anchor-content\"><div class=\"x-anchor-text\"><span class=\"x-anchor-text-primary\">SIGUE LEYENDO<\/span><\/div><\/div><\/div><\/div><div class=\"x-col e203483-e7 m4d0b-d m4d0b-f m4d0b-g\"><span class=\"x-image e203483-e8 m4d0b-s m4d0b-t\"><img decoding=\"async\" src=\"https:\/\/www.meetingrimini.org\/wp-content\/uploads\/2021\/02\/Emmanuele-Forlani-bn.jpg\" width=\"2452\" height=\"2183\" alt=\"Image\" loading=\"lazy\"><\/span><\/div><\/div><\/div><\/div><div class=\"x-section e203483-e9 m4d0b-0 m4d0b-2\"><div class=\"x-row x-container max width e203483-e10 m4d0b-4 m4d0b-6 m4d0b-8 m4d0b-9\"><div class=\"x-row-inner\"><div class=\"x-col e203483-e11 m4d0b-f\"><hr class=\"x-line e203483-e12 m4d0b-y\"\/><div class=\"x-text x-text-headline e203483-e13 m4d0b-i m4d0b-j\"><div class=\"x-text-content\"><div class=\"x-text-content-text\"><h2 class=\"x-text-content-text-primary\">Consejo de Administraci\u00f3n<\/h2>\n<\/div><\/div><\/div><\/div><\/div><\/div><div class=\"x-row x-container max width e203483-e14 m4d0b-4 m4d0b-6 m4d0b-8 m4d0b-a\"><div class=\"x-row-inner\"><div class=\"x-col e203483-e15 m4d0b-f\"><div class=\"x-container e203483-e16 m4d0b-z m4d0b-10\"><div class=\"x-column x-sm x-1-4 e203483-e17 m4d0b-12 m4d0b-13\"><a class=\"x-image e203483-e18 m4d0b-s m4d0b-u m4d0b-v m4d0b-3\" data-x-effect=\"{&quot;animationAlt&quot;:&quot;pulse&quot;}\" href=\"https:\/\/www.meetingrimini.org\/es\/el-meeting-es\/fundacion\/cargos\/bernhard-scholz\/\"><img decoding=\"async\" src=\"https:\/\/www.meetingrimini.org\/wp-content\/uploads\/2023\/04\/Bernhard-Scholz-200x287-1.jpg\" width=\"100\" height=\"143\" alt=\"Image\" loading=\"lazy\"><\/a><div class=\"x-text x-content e203483-e19 m4d0b-m m4d0b-n m4d0b-o\"><p style=\"text-align: center;\">Bernhard <br \/>\nScholz<\/p><\/div><\/div><div class=\"x-column x-sm x-1-4 e203483-e20 m4d0b-12 m4d0b-13\"><a class=\"x-image e203483-e21 m4d0b-s m4d0b-v m4d0b-w m4d0b-3\" data-x-effect=\"{&quot;animationAlt&quot;:&quot;pulse&quot;}\" href=\"https:\/\/www.meetingrimini.org\/es\/cargos\/matteo-lessi\/\"><img decoding=\"async\" src=\"https:\/\/www.meetingrimini.org\/wp-content\/uploads\/2025\/07\/Matteo-Lessi-per-sito.jpg\" width=\"400\" height=\"600\" alt=\"Image\" loading=\"lazy\"><\/a><div class=\"x-text x-content e203483-e22 m4d0b-l m4d0b-m m4d0b-n m4d0b-p\"><p style=\"text-align: center;\">Matteo<br \/>Lessi<\/p><\/div><\/div><div class=\"x-column x-sm x-1-4 e203483-e23 m4d0b-12 m4d0b-14\"><a class=\"x-image e203483-e24 m4d0b-s m4d0b-v m4d0b-w m4d0b-3\" data-x-effect=\"{&quot;animationAlt&quot;:&quot;pulse&quot;}\" href=\"https:\/\/www.meetingrimini.org\/es\/cargos\/letizia-paoli-bardazzi\/\"><img decoding=\"async\" src=\"https:\/\/www.meetingrimini.org\/wp-content\/uploads\/2025\/07\/Letizia-Paoli-Bardazzi-per-sito.jpg\" width=\"400\" height=\"600\" alt=\"Image\" loading=\"lazy\"><\/a><div class=\"x-text x-content e203483-e25 m4d0b-l m4d0b-m m4d0b-n m4d0b-p\"><p style=\"text-align: center;\">Letizia<br \/>Paoli Bardazzi<\/p><\/div><\/div><div class=\"x-column x-sm x-1-4 e203483-e26 m4d0b-12 m4d0b-14\"><a class=\"x-image e203483-e27 m4d0b-s m4d0b-u m4d0b-v m4d0b-3\" data-x-effect=\"{&quot;animationAlt&quot;:&quot;pulse&quot;}\" href=\"https:\/\/www.meetingrimini.org\/es\/el-meeting-es\/fundacion\/cargos\/giorgio-vittadini\/\"><img decoding=\"async\" src=\"https:\/\/www.meetingrimini.org\/wp-content\/uploads\/2023\/04\/Giorgio-Vittadini-200x287-1.jpg\" width=\"200\" height=\"287\" alt=\"Image\" loading=\"lazy\"><\/a><div class=\"x-text x-content e203483-e28 m4d0b-l m4d0b-m m4d0b-n m4d0b-p\"><p style=\"text-align: center;\">Giorgio <br \/>\nVittadini<\/p><\/div><\/div><\/div><\/div><\/div><\/div><\/div><div class=\"x-section e203483-e29 m4d0b-0 m4d0b-2\"><div class=\"x-row x-container max width e203483-e30 m4d0b-4 m4d0b-6 m4d0b-8 m4d0b-b\"><div class=\"x-row-inner\"><div class=\"x-col e203483-e31 m4d0b-f\"><hr class=\"x-line e203483-e32 m4d0b-y\"\/><div class=\"x-text x-text-headline e203483-e33 m4d0b-i m4d0b-j\"><div class=\"x-text-content\"><div class=\"x-text-content-text\"><h2 class=\"x-text-content-text-primary\">Director<\/h2>\n<\/div><\/div><\/div><\/div><\/div><\/div><div class=\"x-row x-container max width e203483-e34 m4d0b-4 m4d0b-6 m4d0b-8 m4d0b-c\"><div class=\"x-row-inner\"><div class=\"x-col e203483-e35 m4d0b-f\"><div class=\"x-container e203483-e36 m4d0b-z m4d0b-11\"><div class=\"x-column x-sm x-1-4 e203483-e37 m4d0b-12 m4d0b-13\"><a class=\"x-image e203483-e38 m4d0b-s m4d0b-v m4d0b-x m4d0b-3\" data-x-effect=\"{&quot;animationAlt&quot;:&quot;pulse&quot;}\" href=\"https:\/\/www.meetingrimini.org\/es\/cargos\/francesco-perazzini\/\"><img decoding=\"async\" src=\"https:\/\/www.meetingrimini.org\/wp-content\/uploads\/2025\/07\/francesco-perazzini.jpg\" width=\"200\" height=\"300\" alt=\"Image\" loading=\"lazy\"><\/a><div class=\"x-text x-content e203483-e39 m4d0b-m m4d0b-n m4d0b-o\"><p>Francesco <br \/>\nPerazzini<\/p><\/div><\/div><div class=\"x-column x-sm x-1-4 e203483-e40 m4d0b-12 m4d0b-13\">&nbsp;<\/div><div class=\"x-column x-sm x-1-4 e203483-e41 m4d0b-12 m4d0b-13\">&nbsp;<\/div><div class=\"x-column x-sm x-1-4 e203483-e42 m4d0b-12 m4d0b-13\">&nbsp;<\/div><\/div><\/div><\/div><\/div><\/div><\/div>\n","protected":false},"excerpt":{"rendered":"<p>Emmanuele Forlani Emmanuele Forlani\u00a0es director general de la Compagnia delle Opere desde abril de 2026. Fue director de la Fundaci\u00f3n Meeting por la Amistad entre los Pueblos ETS desde enero &#8230; <\/p>\n<div><a href=\"https:\/\/www.meetingrimini.org\/es\/el-meeting-es\/fundacion\/cargos\/emmanuele-forlani\/\" class=\"more-link\">Read More<\/a><\/div>\n","protected":false},"author":14,"featured_media":0,"parent":203253,"menu_order":0,"comment_status":"closed","ping_status":"closed","template":"","meta":{"_acf_changed":false,"rs_blank_template":"","rs_page_bg_color":"","slide_template_v7":"","footnotes":""},"class_list":["post-203483","page","type-page","status-publish","hentry","no-post-thumbnail"],"acf":[],"yoast_head":"<!-- This site is optimized with the Yoast SEO plugin v28.2 - https:\/\/yoast.com\/product\/yoast-seo-wordpress\/ -->\n<title>Emmanuele Forlani - Meeting Rimini<\/title>\n<meta name=\"description\" content=\"Emmanuele Forlani - Meeting Rimini\" \/>\n<meta name=\"robots\" content=\"index, follow, max-snippet:-1, max-image-preview:large, max-video-preview:-1\" \/>\n<link rel=\"canonical\" href=\"https:\/\/www.meetingrimini.org\/es\/el-meeting-es\/fundacion\/cargos\/emmanuele-forlani\/\" \/>\n<meta property=\"og:locale\" content=\"es_ES\" \/>\n<meta property=\"og:type\" content=\"article\" \/>\n<meta property=\"og:title\" content=\"Emmanuele Forlani - Meeting Rimini\" \/>\n<meta property=\"og:description\" content=\"Emmanuele Forlani - Meeting Rimini\" \/>\n<meta property=\"og:url\" content=\"https:\/\/www.meetingrimini.org\/es\/el-meeting-es\/fundacion\/cargos\/emmanuele-forlani\/\" \/>\n<meta property=\"og:site_name\" content=\"Meeting di Rimini\" \/>\n<meta property=\"article:publisher\" content=\"https:\/\/www.facebook.com\/meetingrimini\" \/>\n<meta property=\"article:modified_time\" content=\"2026-07-14T16:30:06+00:00\" \/>\n<meta name=\"twitter:card\" content=\"summary_large_image\" \/>\n<meta name=\"twitter:site\" content=\"@MeetingRimini\" \/>\n<meta name=\"twitter:label1\" content=\"Tiempo de lectura\" \/>\n\t<meta name=\"twitter:data1\" content=\"4 minutos\" \/>\n<script type=\"application\/ld+json\" class=\"yoast-schema-graph\">{\"@context\":\"https:\\\/\\\/schema.org\",\"@graph\":[{\"@type\":\"WebPage\",\"@id\":\"https:\\\/\\\/www.meetingrimini.org\\\/es\\\/el-meeting-es\\\/fundacion\\\/cargos\\\/emmanuele-forlani\\\/\",\"url\":\"https:\\\/\\\/www.meetingrimini.org\\\/es\\\/el-meeting-es\\\/fundacion\\\/cargos\\\/emmanuele-forlani\\\/\",\"name\":\"Emmanuele Forlani - Meeting Rimini\",\"isPartOf\":{\"@id\":\"https:\\\/\\\/www.meetingrimini.org\\\/es\\\/#website\"},\"datePublished\":\"2021-03-13T17:30:38+00:00\",\"dateModified\":\"2026-07-14T16:30:06+00:00\",\"description\":\"Emmanuele Forlani - Meeting Rimini\",\"breadcrumb\":{\"@id\":\"https:\\\/\\\/www.meetingrimini.org\\\/es\\\/el-meeting-es\\\/fundacion\\\/cargos\\\/emmanuele-forlani\\\/#breadcrumb\"},\"inLanguage\":\"es\",\"potentialAction\":[{\"@type\":\"ReadAction\",\"target\":[\"https:\\\/\\\/www.meetingrimini.org\\\/es\\\/el-meeting-es\\\/fundacion\\\/cargos\\\/emmanuele-forlani\\\/\"]}]},{\"@type\":\"BreadcrumbList\",\"@id\":\"https:\\\/\\\/www.meetingrimini.org\\\/es\\\/el-meeting-es\\\/fundacion\\\/cargos\\\/emmanuele-forlani\\\/#breadcrumb\",\"itemListElement\":[{\"@type\":\"ListItem\",\"position\":1,\"name\":\"Home\",\"item\":\"https:\\\/\\\/www.meetingrimini.org\\\/es\\\/meeting-rimini-spagnolo\\\/\"},{\"@type\":\"ListItem\",\"position\":2,\"name\":\"Fundaci\u00f3n\",\"item\":\"https:\\\/\\\/www.meetingrimini.org\\\/es\\\/fundacion\\\/\"},{\"@type\":\"ListItem\",\"position\":3,\"name\":\"Cargos\",\"item\":\"https:\\\/\\\/www.meetingrimini.org\\\/es\\\/cargos\\\/\"},{\"@type\":\"ListItem\",\"position\":4,\"name\":\"Emmanuele Forlani\"}]},{\"@type\":\"WebSite\",\"@id\":\"https:\\\/\\\/www.meetingrimini.org\\\/es\\\/#website\",\"url\":\"https:\\\/\\\/www.meetingrimini.org\\\/es\\\/\",\"name\":\"Meeting di Rimini\",\"description\":\"Meeting per l&#039;Amicizia fra i Popoli\",\"publisher\":{\"@id\":\"https:\\\/\\\/www.meetingrimini.org\\\/es\\\/#organization\"},\"potentialAction\":[{\"@type\":\"SearchAction\",\"target\":{\"@type\":\"EntryPoint\",\"urlTemplate\":\"https:\\\/\\\/www.meetingrimini.org\\\/es\\\/?s={search_term_string}\"},\"query-input\":{\"@type\":\"PropertyValueSpecification\",\"valueRequired\":true,\"valueName\":\"search_term_string\"}}],\"inLanguage\":\"es\"},{\"@type\":\"Organization\",\"@id\":\"https:\\\/\\\/www.meetingrimini.org\\\/es\\\/#organization\",\"name\":\"Fondazione Meeting di Rimini\",\"url\":\"https:\\\/\\\/www.meetingrimini.org\\\/es\\\/\",\"logo\":{\"@type\":\"ImageObject\",\"inLanguage\":\"es\",\"@id\":\"https:\\\/\\\/www.meetingrimini.org\\\/es\\\/#\\\/schema\\\/logo\\\/image\\\/\",\"url\":\"https:\\\/\\\/www.meetingrimini.org\\\/wp-content\\\/uploads\\\/2018\\\/10\\\/logo_originale.png\",\"contentUrl\":\"https:\\\/\\\/www.meetingrimini.org\\\/wp-content\\\/uploads\\\/2018\\\/10\\\/logo_originale.png\",\"width\":600,\"height\":156,\"caption\":\"Fondazione Meeting di Rimini\"},\"image\":{\"@id\":\"https:\\\/\\\/www.meetingrimini.org\\\/es\\\/#\\\/schema\\\/logo\\\/image\\\/\"},\"sameAs\":[\"https:\\\/\\\/www.facebook.com\\\/meetingrimini\",\"https:\\\/\\\/x.com\\\/MeetingRimini\",\"https:\\\/\\\/www.instagram.com\\\/meetingrimini\\\/\",\"https:\\\/\\\/www.linkedin.com\\\/company\\\/fondazione-meeting-per-l'amicizia-fra-i-popoli\\\/\",\"https:\\\/\\\/www.youtube.com\\\/user\\\/meetingdirimini\"]}]}<\/script>\n<!-- \/ Yoast SEO plugin. -->","yoast_head_json":{"title":"Emmanuele Forlani - Meeting Rimini","description":"Emmanuele Forlani - Meeting Rimini","robots":{"index":"index","follow":"follow","max-snippet":"max-snippet:-1","max-image-preview":"max-image-preview:large","max-video-preview":"max-video-preview:-1"},"canonical":"https:\/\/www.meetingrimini.org\/es\/el-meeting-es\/fundacion\/cargos\/emmanuele-forlani\/","og_locale":"es_ES","og_type":"article","og_title":"Emmanuele Forlani - Meeting Rimini","og_description":"Emmanuele Forlani - Meeting Rimini","og_url":"https:\/\/www.meetingrimini.org\/es\/el-meeting-es\/fundacion\/cargos\/emmanuele-forlani\/","og_site_name":"Meeting di Rimini","article_publisher":"https:\/\/www.facebook.com\/meetingrimini","article_modified_time":"2026-07-14T16:30:06+00:00","twitter_card":"summary_large_image","twitter_site":"@MeetingRimini","twitter_misc":{"Tiempo de lectura":"4 minutos"},"schema":{"@context":"https:\/\/schema.org","@graph":[{"@type":"WebPage","@id":"https:\/\/www.meetingrimini.org\/es\/el-meeting-es\/fundacion\/cargos\/emmanuele-forlani\/","url":"https:\/\/www.meetingrimini.org\/es\/el-meeting-es\/fundacion\/cargos\/emmanuele-forlani\/","name":"Emmanuele Forlani - Meeting Rimini","isPartOf":{"@id":"https:\/\/www.meetingrimini.org\/es\/#website"},"datePublished":"2021-03-13T17:30:38+00:00","dateModified":"2026-07-14T16:30:06+00:00","description":"Emmanuele Forlani - Meeting Rimini","breadcrumb":{"@id":"https:\/\/www.meetingrimini.org\/es\/el-meeting-es\/fundacion\/cargos\/emmanuele-forlani\/#breadcrumb"},"inLanguage":"es","potentialAction":[{"@type":"ReadAction","target":["https:\/\/www.meetingrimini.org\/es\/el-meeting-es\/fundacion\/cargos\/emmanuele-forlani\/"]}]},{"@type":"BreadcrumbList","@id":"https:\/\/www.meetingrimini.org\/es\/el-meeting-es\/fundacion\/cargos\/emmanuele-forlani\/#breadcrumb","itemListElement":[{"@type":"ListItem","position":1,"name":"Home","item":"https:\/\/www.meetingrimini.org\/es\/meeting-rimini-spagnolo\/"},{"@type":"ListItem","position":2,"name":"Fundaci\u00f3n","item":"https:\/\/www.meetingrimini.org\/es\/fundacion\/"},{"@type":"ListItem","position":3,"name":"Cargos","item":"https:\/\/www.meetingrimini.org\/es\/cargos\/"},{"@type":"ListItem","position":4,"name":"Emmanuele Forlani"}]},{"@type":"WebSite","@id":"https:\/\/www.meetingrimini.org\/es\/#website","url":"https:\/\/www.meetingrimini.org\/es\/","name":"Meeting di Rimini","description":"Meeting per l&#039;Amicizia fra i Popoli","publisher":{"@id":"https:\/\/www.meetingrimini.org\/es\/#organization"},"potentialAction":[{"@type":"SearchAction","target":{"@type":"EntryPoint","urlTemplate":"https:\/\/www.meetingrimini.org\/es\/?s={search_term_string}"},"query-input":{"@type":"PropertyValueSpecification","valueRequired":true,"valueName":"search_term_string"}}],"inLanguage":"es"},{"@type":"Organization","@id":"https:\/\/www.meetingrimini.org\/es\/#organization","name":"Fondazione Meeting di Rimini","url":"https:\/\/www.meetingrimini.org\/es\/","logo":{"@type":"ImageObject","inLanguage":"es","@id":"https:\/\/www.meetingrimini.org\/es\/#\/schema\/logo\/image\/","url":"https:\/\/www.meetingrimini.org\/wp-content\/uploads\/2018\/10\/logo_originale.png","contentUrl":"https:\/\/www.meetingrimini.org\/wp-content\/uploads\/2018\/10\/logo_originale.png","width":600,"height":156,"caption":"Fondazione Meeting di Rimini"},"image":{"@id":"https:\/\/www.meetingrimini.org\/es\/#\/schema\/logo\/image\/"},"sameAs":["https:\/\/www.facebook.com\/meetingrimini","https:\/\/x.com\/MeetingRimini","https:\/\/www.instagram.com\/meetingrimini\/","https:\/\/www.linkedin.com\/company\/fondazione-meeting-per-l'amicizia-fra-i-popoli\/","https:\/\/www.youtube.com\/user\/meetingdirimini"]}]}},"page_group":null,"langs":{"it":184709,"en":185752,"es":203483},"permalink_manager":null,"_links":{"self":[{"href":"https:\/\/www.meetingrimini.org\/es\/wp-json\/wp\/v2\/pages\/203483","targetHints":{"allow":["GET"]}}],"collection":[{"href":"https:\/\/www.meetingrimini.org\/es\/wp-json\/wp\/v2\/pages"}],"about":[{"href":"https:\/\/www.meetingrimini.org\/es\/wp-json\/wp\/v2\/types\/page"}],"author":[{"embeddable":true,"href":"https:\/\/www.meetingrimini.org\/es\/wp-json\/wp\/v2\/users\/14"}],"replies":[{"embeddable":true,"href":"https:\/\/www.meetingrimini.org\/es\/wp-json\/wp\/v2\/comments?post=203483"}],"version-history":[{"count":12,"href":"https:\/\/www.meetingrimini.org\/es\/wp-json\/wp\/v2\/pages\/203483\/revisions"}],"predecessor-version":[{"id":300278,"href":"https:\/\/www.meetingrimini.org\/es\/wp-json\/wp\/v2\/pages\/203483\/revisions\/300278"}],"up":[{"embeddable":true,"href":"https:\/\/www.meetingrimini.org\/es\/wp-json\/wp\/v2\/pages\/203253"}],"wp:attachment":[{"href":"https:\/\/www.meetingrimini.org\/es\/wp-json\/wp\/v2\/media?parent=203483"}],"curies":[{"name":"wp","href":"https:\/\/api.w.org\/{rel}","templated":true}]}}